{"id":478,"date":"2025-08-27T12:27:43","date_gmt":"2025-08-27T11:27:43","guid":{"rendered":"https:\/\/femipariklaszter.hu\/?post_type=tribe_events&#038;p=478"},"modified":"2025-11-05T08:43:33","modified_gmt":"2025-11-05T07:43:33","slug":"forgacsolastechnaikai-forum","status":"publish","type":"tribe_events","link":"https:\/\/femipariklaszter.hu\/index.php\/event\/forgacsolastechnaikai-forum\/","title":{"rendered":"Forg\u00e1csol\u00e1stechnikai F\u00f3rum"},"content":{"rendered":"<h3 data-start=\"237\" data-end=\"319\">Magyar Met\u00e1l F\u00e9mipari Klaszter Forg\u00e1csol\u00e1stechnikai F\u00f3rum \u2013 2025. november 20.<\/h3>\n<p data-start=\"321\" data-end=\"619\">A Magyar Met\u00e1l F\u00e9mipari Klaszter 2025. november 20-\u00e1n rendezi meg k\u00f6vetkez\u0151 <strong data-start=\"397\" data-end=\"429\">Forg\u00e1csol\u00e1stechnikai F\u00f3rum\u00e1t<\/strong>, amelynek c\u00e9lja, hogy a szakemberek naprak\u00e9sz inform\u00e1ci\u00f3kat kapjanak a f\u00e9mipar \u00e9s a forg\u00e1csol\u00e1stechnika aktu\u00e1lis k\u00e9rd\u00e9seir\u0151l, valamint a folyamatosan v\u00e1ltoz\u00f3 ipari k\u00f6rnyezet kih\u00edv\u00e1sair\u00f3l.<\/p>\n<p data-start=\"621\" data-end=\"781\">A f\u00f3rumot a <strong data-start=\"633\" data-end=\"650\">GIA Form Kft.<\/strong> l\u00e1tja vend\u00e9g\u00fcl, \u00c9rden, ahol a r\u00e9sztvev\u0151k nemcsak szakmai el\u0151ad\u00e1sokat hallgathatnak, hanem <strong data-start=\"741\" data-end=\"760\">\u00fczeml\u00e1togat\u00e1son<\/strong> is r\u00e9szt vehetnek.<\/p>\n<p data-start=\"783\" data-end=\"987\">A rendezv\u00e9ny egyben lehet\u0151s\u00e9get biztos\u00edt a tagv\u00e1llalatok k\u00f6z\u00f6tti tapasztalatcser\u00e9re, kapcsolat\u00e9p\u00edt\u00e9sre \u00e9s a k\u00f6z\u00f6s gondolkod\u00e1sra a f\u00e9mipari innov\u00e1ci\u00f3k, technol\u00f3giai fejleszt\u00e9sek \u00e9s ipari trendek kapcs\u00e1n.<\/p>\n<h3 data-start=\"994\" data-end=\"1022\">\ud83d\udcc5 <strong data-start=\"1001\" data-end=\"1022\">Esem\u00e9ny r\u00e9szletei<\/strong><\/h3>\n<p data-start=\"1024\" data-end=\"1124\"><strong data-start=\"1024\" data-end=\"1036\">Id\u0151pont:<\/strong> 2025. november 20. (cs\u00fct\u00f6rt\u00f6k)<br data-start=\"1067\" data-end=\"1070\" \/><strong data-start=\"1070\" data-end=\"1083\">Helysz\u00edn:<\/strong> GIA Form Kft., 2030 \u00c9rd, V\u00edz\u00f6nt\u0151 u. 4.<\/p>\n<p data-start=\"1126\" data-end=\"1144\"><strong data-start=\"1126\" data-end=\"1142\">Programterv:<\/strong><\/p>\n<ul data-start=\"1145\" data-end=\"1362\">\n<li data-start=\"1145\" data-end=\"1233\">\n<p data-start=\"1147\" data-end=\"1233\"><strong data-start=\"1147\" data-end=\"1162\">11:00\u201311:05<\/strong> \u2013 K\u00f6sz\u00f6nt\u0151: <em data-start=\"1175\" data-end=\"1190\">Csom\u00e1r Zolt\u00e1n<\/em>, a Magyar Met\u00e1l F\u00e9mipari Klaszter eln\u00f6ke<\/p>\n<\/li>\n<li data-start=\"1234\" data-end=\"1309\">\n<p data-start=\"1236\" data-end=\"1309\"><strong data-start=\"1236\" data-end=\"1251\">11:05\u201311:10<\/strong> \u2013 K\u00f6sz\u00f6nt\u0151: <em data-start=\"1264\" data-end=\"1278\">Gaszt Attila<\/em>, a GIA Form Kft. \u00fcgyvezet\u0151je<\/p>\n<\/li>\n<li data-start=\"1310\" data-end=\"1362\">\n<p data-start=\"1312\" data-end=\"1362\"><strong data-start=\"1312\" data-end=\"1327\">11:10\u201314:00<\/strong> \u2013 Szakmai f\u00f3rum \u00e9s \u00fczeml\u00e1togat\u00e1s<\/p>\n<\/li>\n<\/ul>\n<h3 data-start=\"1369\" data-end=\"1391\">\ud83d\udcdd <strong data-start=\"1376\" data-end=\"1391\">Jelentkez\u00e9s<\/strong><\/h3>\n<p data-start=\"1392\" data-end=\"1499\">A r\u00e9szv\u00e9tel el\u0151zetes regisztr\u00e1ci\u00f3hoz k\u00f6t\u00f6tt.<br data-start=\"1436\" data-end=\"1439\" \/><strong data-start=\"1439\" data-end=\"1465\">Jelentkez\u00e9si hat\u00e1rid\u0151:<\/strong> 2025. november 18. (kedd) 16:00<\/p>\n<p data-start=\"1501\" data-end=\"1527\">\ud83d\udc49 <a href=\"https:\/\/docs.google.com\/forms\/d\/1JxQAFStASQswE9_b-Bz-22A137wI9QLyUfv3pb1TJe8\/edit\" target=\"_blank\" rel=\"noopener\"><strong data-start=\"1504\" data-end=\"1525\">REGISZTR\u00c1CI\u00d3<\/strong><\/a><\/p>\n<p data-start=\"1529\" data-end=\"1679\">B\u00edzunk abban, hogy a f\u00f3rum \u00faj lehet\u0151s\u00e9geket teremt a k\u00f6z\u00f6s gondolkod\u00e1sra, innovat\u00edv megold\u00e1sok keres\u00e9s\u00e9re \u00e9s a f\u00e9mipari egy\u00fcttm\u0171k\u00f6d\u00e9sek er\u0151s\u00edt\u00e9s\u00e9re.<\/p>\n","protected":false},"excerpt":{"rendered":"<p>Magyar Met\u00e1l F\u00e9mipari Klaszter Forg\u00e1csol\u00e1stechnikai F\u00f3rum \u2013 2025. november 20. A Magyar Met\u00e1l F\u00e9mipari Klaszter 2025. november 20-\u00e1n rendezi meg k\u00f6vetkez\u0151 Forg\u00e1csol\u00e1stechnikai F\u00f3rum\u00e1t, amelynek c\u00e9lja, hogy a szakemberek naprak\u00e9sz inform\u00e1ci\u00f3kat kapjanak a f\u00e9mipar \u00e9s a forg\u00e1csol\u00e1stechnika aktu\u00e1lis k\u00e9rd\u00e9seir\u0151l, valamint a folyamatosan v\u00e1ltoz\u00f3 ipari k\u00f6rnyezet kih\u00edv\u00e1sair\u00f3l. A f\u00f3rumot a GIA Form Kft. l\u00e1tja vend\u00e9g\u00fcl, \u00c9rden, ahol a r\u00e9sztvev\u0151k nemcsak szakmai el\u0151ad\u00e1sokat hallgathatnak, hanem \u00fczeml\u00e1togat\u00e1son is r\u00e9szt vehetnek. A rendezv\u00e9ny egyben lehet\u0151s\u00e9get biztos\u00edt a tagv\u00e1llalatok k\u00f6z\u00f6tti tapasztalatcser\u00e9re, kapcsolat\u00e9p\u00edt\u00e9sre \u00e9s a k\u00f6z\u00f6s gondolkod\u00e1sra a f\u00e9mipari innov\u00e1ci\u00f3k, technol\u00f3giai fejleszt\u00e9sek \u00e9s ipari trendek kapcs\u00e1n. \ud83d\udcc5 Esem\u00e9ny r\u00e9szletei Id\u0151pont: 2025. november 20. (cs\u00fct\u00f6rt\u00f6k)Helysz\u00edn: GIA Form Kft., 2030 \u00c9rd, V\u00edz\u00f6nt\u0151 u. 4. Programterv: 11:00\u201311:05 \u2013 K\u00f6sz\u00f6nt\u0151: Csom\u00e1r Zolt\u00e1n, a Magyar Met\u00e1l F\u00e9mipari Klaszter eln\u00f6ke 11:05\u201311:10 \u2013 K\u00f6sz\u00f6nt\u0151: Gaszt Attila, a GIA Form Kft. \u00fcgyvezet\u0151je 11:10\u201314:00 \u2013 Szakmai f\u00f3rum \u00e9s \u00fczeml\u00e1togat\u00e1s \ud83d\udcdd Jelentkez\u00e9s A r\u00e9szv\u00e9tel el\u0151zetes regisztr\u00e1ci\u00f3hoz k\u00f6t\u00f6tt.Jelentkez\u00e9si hat\u00e1rid\u0151: 2025. november 18. (kedd) 16:00 \ud83d\udc49 REGISZTR\u00c1CI\u00d3 B\u00edzunk abban, hogy a f\u00f3rum \u00faj lehet\u0151s\u00e9geket teremt a k\u00f6z\u00f6s gondolkod\u00e1sra, innovat\u00edv megold\u00e1sok keres\u00e9s\u00e9re \u00e9s a f\u00e9mipari egy\u00fcttm\u0171k\u00f6d\u00e9sek er\u0151s\u00edt\u00e9s\u00e9re.<\/p>\n","protected":false},"author":2,"featured_media":606,"template":"","meta":{"_tribe_events_status":"","_tribe_events_status_reason":"","footnotes":""},"tags":[54,50,55,62,53],"tribe_events_cat":[],"class_list":["post-478","tribe_events","type-tribe_events","status-publish","has-post-thumbnail","hentry","tag-femipari-klaszter","tag-femipariklaszter","tag-forgacsolastechnika","tag-forgacsolastechnikaiforum","tag-metalklaszter-2"],"_links":{"self":[{"href":"https:\/\/femipariklaszter.hu\/index.php\/wp-json\/wp\/v2\/tribe_events\/478","targetHints":{"allow":["GET"]}}],"collection":[{"href":"https:\/\/femipariklaszter.hu\/index.php\/wp-json\/wp\/v2\/tribe_events"}],"about":[{"href":"https:\/\/femipariklaszter.hu\/index.php\/wp-json\/wp\/v2\/types\/tribe_events"}],"author":[{"embeddable":true,"href":"https:\/\/femipariklaszter.hu\/index.php\/wp-json\/wp\/v2\/users\/2"}],"version-history":[{"count":6,"href":"https:\/\/femipariklaszter.hu\/index.php\/wp-json\/wp\/v2\/tribe_events\/478\/revisions"}],"predecessor-version":[{"id":609,"href":"https:\/\/femipariklaszter.hu\/index.php\/wp-json\/wp\/v2\/tribe_events\/478\/revisions\/609"}],"wp:featuredmedia":[{"embeddable":true,"href":"https:\/\/femipariklaszter.hu\/index.php\/wp-json\/wp\/v2\/media\/606"}],"wp:attachment":[{"href":"https:\/\/femipariklaszter.hu\/index.php\/wp-json\/wp\/v2\/media?parent=478"}],"wp:term":[{"taxonomy":"post_tag","embeddable":true,"href":"https:\/\/femipariklaszter.hu\/index.php\/wp-json\/wp\/v2\/tags?post=478"},{"taxonomy":"tribe_events_cat","embeddable":true,"href":"https:\/\/femipariklaszter.hu\/index.php\/wp-json\/wp\/v2\/tribe_events_cat?post=478"}],"curies":[{"name":"wp","href":"https:\/\/api.w.org\/{rel}","templated":true}]}}